{"id":18722,"date":"2024-06-25T07:52:52","date_gmt":"2024-06-25T07:52:52","guid":{"rendered":"https:\/\/caminosantiago360.com\/?page_id=18722"},"modified":"2024-06-25T07:53:20","modified_gmt":"2024-06-25T07:53:20","slug":"politica-de-privacidad","status":"publish","type":"page","link":"https:\/\/caminosantiago360.com\/en\/politica-de-privacidad\/","title":{"rendered":"Pol\u00edtica de Privacidad"},"content":{"rendered":"<span class=\"fontstyle0\">Camino de Santiago 360\u00ba es un proyecto desarrollado por <\/span><span class=\"fontstyle2\">Iralta Films, S.L. <\/span><span class=\"fontstyle0\">(en adelante,\n<\/span><span class=\"fontstyle2\">\u201cIralta Films\u201d<\/span><span class=\"fontstyle0\">). En Iralta Films somos conscientes de la importancia de respetar la\nprivacidad que exige la actual regulaci\u00f3n y estamos comprometidos a proteger la seguridad,\nintegridad, veracidad y confidencialidad de todos los datos personales de usuarios que\ntratemos.<\/span>\n\n<span class=\"fontstyle0\">A trav\u00e9s de esta Pol\u00edtica de Privacidad le informamos acerca de c\u00f3mo recogemos, tratamos\ny protegemos sus datos personales al acceder a nuestra p\u00e1gina web, adem\u00e1s de\nproporcionarle informaci\u00f3n sobre sus derechos, relativos a la privacidad y la protecci\u00f3n que\nle proporciona la normativa vigente. Por ello, le recomendamos leer atentamente nuestra\nPol\u00edtica de Privacidad.<\/span>\n<p class=\"text-large font-weight-600 text-black\"><strong>\u00a0<span class=\"fontstyle0\">\u00bfQui\u00e9n es el responsable del tratamiento?<\/span><\/strong><\/p>\n<span class=\"fontstyle0\">El responsable del tratamiento de sus datos personales es <\/span><span class=\"fontstyle2\">Iralta Films. <\/span><span class=\"fontstyle0\">A continuaci\u00f3n, le\ndetallamos nuestros datos de contacto:<\/span>\n<ul>\n \t<li><span class=\"fontstyle0\">Raz\u00f3n social: Iralta Films, S.L.<\/span><\/li>\n \t<li><span class=\"fontstyle0\">C.I.F: B72463367<\/span><\/li>\n \t<li><span class=\"fontstyle0\">Direcci\u00f3n: Magallanes 25, 5\u00aa Planta, 28015 Madrid \u00b7 Espa\u00f1a<\/span><\/li>\n \t<li><span class=\"fontstyle0\">Correo electr\u00f3nico: info@iralta.com<\/span><\/li>\n<\/ul>\n<p class=\"text-large font-weight-600 text-black\"><strong>\u00a0<span class=\"fontstyle0\">\u00bfQu\u00e9 datos personales tratamos?<\/span><\/strong><\/p>\n\u00a0<span class=\"fontstyle0\">En este sentido, ni en la web ni en la aplicaci\u00f3n recopilamos informaci\u00f3n personal como su\nnombre y apellidos, su correo electr\u00f3nico y n\u00famero de tel\u00e9fono.\nEn el caso de que nos hagan llegar estos datos escribiendo al email a la direcci\u00f3n de\ncorreo: <\/span><span class=\"fontstyle0\">info@iralta.com <\/span><span class=\"fontstyle0\">Los datos ser\u00e1n tratados por <\/span><span class=\"fontstyle2\">Iralta Films <\/span><span class=\"fontstyle0\">con las finalidades\nsiguientes:<\/span>\n<ul>\n \t<li><span class=\"fontstyle0\">Gestionar y tramitar sus peticiones de informaci\u00f3n, dudas o comentarios\nsobre los servicios ofrecidos a trav\u00e9s del Sitio Web enviados a trav\u00e9s de los\nformularios de contacto de nuestro Sitio web.<\/span><\/li>\n \t<li><span class=\"fontstyle0\">Gestionar la relaci\u00f3n comercial existente relativa a nuestros servicios\nofrecidos.<\/span><\/li>\n \t<li><span class=\"fontstyle0\">Gesti\u00f3n de env\u00edos publicitarios y de informaci\u00f3n comercial, por diferentes\nmedios, a clientes acerca de la empresa, sus actividades, productos,\nservicios, ofertas, promociones especiales, as\u00ed como documentaci\u00f3n de\ndiversa naturaleza y por diferentes medios de informaci\u00f3n comercial de la\nempresa.<\/span><\/li>\n \t<li><span class=\"fontstyle0\">Gesti\u00f3n de valoraciones autom\u00e1ticas, obtenci\u00f3n de perfiles y labores de\nsegmentaci\u00f3n de clientes, en base a la informaci\u00f3n de que disponga relativa\na los mismos, al objeto de personalizar el trato conforme a sus\ncaracter\u00edsticas y\/o necesidades.<\/span><\/li>\n \t<li><span class=\"fontstyle0\">Gestionar la respuesta al ejercicio de sus derechos relativos a la protecci\u00f3n\nde datos personales mediante el email de contacto de nuestro sitio web.<\/span><\/li>\n \t<li><span class=\"fontstyle0\">Conocer su comportamiento de navegaci\u00f3n en nuestro sitio web para\nmejorar nuestros servicios y productos, as\u00ed como, mostrarle publicidad en\nbase a sus preferencias.<\/span><\/li>\n<\/ul>\n<strong>\u00a0<span class=\"fontstyle0\">\u00bfCu\u00e1l es la legitimaci\u00f3n para el tratamiento de sus datos?<\/span><\/strong>\n<ul>\n \t<li>\u00a0<span class=\"fontstyle0\">Estamos legitimados para tratar la informaci\u00f3n y\/o datos personales que nos\nproporcione, cuando dicha informaci\u00f3n sea necesaria para gestionar la\nrespuesta a todas las peticiones de informaci\u00f3n realizadas mediante los\nformularios de contacto de nuestro sitio web en base al consentimiento\nprestado en el momento de cumplimentar el formulario de contacto.\n<\/span><\/li>\n \t<li><span class=\"fontstyle0\">Asimismo, la base leg\u00edtima para tratar sus datos personales con la finalidad\nde gestionar de la relaci\u00f3n comercial existente es la ejecuci\u00f3n del contrato.\n<\/span><\/li>\n \t<li><span class=\"fontstyle0\">Estamos legitimados para gestionar su suscripci\u00f3n y env\u00edo de Newsletter,\ncon base leg\u00edtima de su consentimiento otorgado previamente para este\ntratamiento, al suscribirse a nuestros env\u00edos comerciales.\n<\/span><\/li>\n \t<li><span class=\"fontstyle0\">De igual forma, trataremos sus datos personales para conocer sus\npreferencias de navegaci\u00f3n y mejorar su experiencia en nuestro sitio web,\ntambi\u00e9n actuando sobre la base leg\u00edtima de su consentimiento otorgado\npreviamente para este tratamiento concreto, el cual podr\u00e1 ser modificado o\nrevocado en cualquier momento a trav\u00e9s de la Pol\u00edtica de Cookies.\n<\/span><\/li>\n \t<li><span class=\"fontstyle0\">De igual forma, trataremos sus datos para el cumplimiento de obligaciones\nlegales que sean de aplicaci\u00f3n, a t\u00edtulo enunciativo, pero no limitativo, la\ngesti\u00f3n de la respuesta cuando ejercite sus derechos de protecci\u00f3n de datos\npersonales.<\/span><\/li>\n<\/ul>\n<strong>\u00a0<span class=\"fontstyle0\">\u00bfA qui\u00e9n comunicamos sus datos?<\/span><\/strong>\n\n<span class=\"fontstyle0\">Sus datos podr\u00e1n ser comunicados a terceros, \u00fanica y exclusivamente para garantizar la\nprestaci\u00f3n de los servicios que le ofrecemos. A este efecto, <\/span><span class=\"fontstyle2\">Iralta Films <\/span><span class=\"fontstyle0\">no compartir\u00e1\nning\u00fan dato de car\u00e1cter personal sin su consentimiento para finalidades distintas, salvo que\nexista una obligaci\u00f3n legal.<\/span>\n\n<span class=\"fontstyle0\">Asimismo, no transferiremos sus datos personales fuera del Espacio Econ\u00f3mico Europeo, y\nen el caso de que en alguna ocasi\u00f3n pudieran realizarse, se le informar\u00e1 previamente de\ndicha transferencia y se realizar\u00e1, en todo caso, en conformidad con los art\u00edculos del 44 al\n50 RGPD.<\/span>\n\n<strong> <span class=\"fontstyle0\">\u00bfDurante cu\u00e1nto tiempo conservaremos sus datos?<\/span><\/strong>\n\n<span class=\"fontstyle0\">Conservaremos sus datos personales durante el tiempo necesario para cumplir con las\nfinalidades detalladas en la presente Pol\u00edtica de Privacidad. No obstante, cuando\nprecisemos de su consentimiento, los datos se conservar\u00e1n hasta que retire dicho\nconsentimiento. En este aspecto, siempre respetaremos los plazos de prescripci\u00f3n legales\nde aplicaci\u00f3n, limit\u00e1ndolos a aquello estrictamente necesario para los fines de su\ntratamiento. Posteriormente, <\/span><span class=\"fontstyle2\">Iralta Films <\/span><span class=\"fontstyle0\">bloquear\u00e1 sus datos personales con el fin de\nimpedir su tratamiento, a menos que se requiera ponerlos a disposici\u00f3n de Administraciones\nP\u00fablicas, Tribunales, Entidades de Arbitraje y Mediaci\u00f3n, para cumplir con las obligaciones\nlegales que pudieren derivarse.<\/span>\n\n<strong> <span class=\"fontstyle0\">\u00bfQu\u00e9 derechos le amparan en relaci\u00f3n con el tratamiento de\nsus datos?<\/span><\/strong>\n\n<span class=\"fontstyle0\">Para ejercer sus derechos de acceso, rectificaci\u00f3n, supresi\u00f3n, oposici\u00f3n, limitaci\u00f3n al\ntratamiento, portabilidad respecto a sus datos personales, o para solicitar m\u00e1s informaci\u00f3n,\npuede dirigirse a <\/span><span class=\"fontstyle2\">Iralta Films <\/span><span class=\"fontstyle0\">bien por email en la direcci\u00f3n de correo electr\u00f3nica\ninfo@iralta.com o bien por correo postal dirigido a <\/span><span class=\"fontstyle2\">Iralta Films <\/span><span class=\"fontstyle0\">a la direcci\u00f3n en Magallanes\n25, 5\u00aa Planta, 28015 Madrid \u00b7 Espa\u00f1a\nAsimismo, si cree que el tratamiento de sus datos infringe la normativa relativa a la\nprotecci\u00f3n de datos personales, o bien considera que no hemos satisfecho el ejercicio de\nsus derechos, puede presentar una reclamaci\u00f3n ante la autoridad de control competente:\nwww.aepd.es\/es.\nEn todo caso, antes de iniciar cualquier reclamaci\u00f3n, rogamos que se ponga en contacto\ncon nosotros a trav\u00e9s del correo electr\u00f3nico info@iralta.com la finalidad de intentar\nsolucionar cualquier discrepancia de forma amistosa.<\/span>\n\n<strong> <span class=\"fontstyle0\">Veracidad de los datos personales<\/span><\/strong>\n\n<span class=\"fontstyle0\">Usted garantiza que los datos aportados son verdaderos, exactos, completos y\nactualizados, siendo responsable de cualquier da\u00f1o o perjuicio, directo o indirecto, que\npudiera ocasionarse como consecuencia del incumplimiento de tal obligaci\u00f3n. En el caso de\nque los datos aportados pertenecieran a un tercero, Usted garantiza que ha informado a\ndicho tercero de los aspectos contenidos en esta Pol\u00edtica y obtenido su autorizaci\u00f3n para\nfacilitar sus datos a <\/span><span class=\"fontstyle2\">Iralta Films <\/span><span class=\"fontstyle0\">para los fines se\u00f1alados.<\/span>\n\n<strong> <span class=\"fontstyle0\">Actualizaciones de la Pol\u00edtica<\/span><\/strong>\n\n<span class=\"fontstyle0\">Iralta Films <\/span><span class=\"fontstyle2\">se reserva el derecho a modificar la Pol\u00edtica de Privacidad para adaptarla a las\nnovedades legislativas o jurisprudenciales, y para responder a cambios organizacionales.\nNo limitaremos los derechos que le correspondan con arreglo a la presente Pol\u00edtica de\nPrivacidad ni realizaremos modificaciones de especial relevancia de la Pol\u00edtica de\nPrivacidad sin informarle previamente. Publicaremos todas las modificaciones en esta\np\u00e1gina y, si son significativas, efectuaremos una notificaci\u00f3n m\u00e1s destacada (por ejemplo, le\nenviaremos una notificaci\u00f3n por correo electr\u00f3nico si la modificaci\u00f3n afecta a determinados\naspectos y en casos limitados incluso le solicitar\u00edamos nuevamente su consentimiento).<\/span>","protected":false},"excerpt":{"rendered":"<p>Camino de Santiago 360\u00ba es un proyecto desarrollado por Iralta Films, S.L. (en adelante, \u201cIralta Films\u201d). En Iralta Films somos conscientes de la importancia de respetar la privacidad que exige la actual regulaci\u00f3n y estamos comprometidos a proteger la seguridad, integridad, veracidad y confidencialidad de todos los datos personales de usuarios que tratemos. A trav\u00e9s [&hellip;]<\/p>\n","protected":false},"author":1,"featured_media":0,"parent":0,"menu_order":0,"comment_status":"closed","ping_status":"closed","template":"","meta":{"_monsterinsights_skip_tracking":false,"_monsterinsights_sitenote_active":false,"_monsterinsights_sitenote_note":"","_monsterinsights_sitenote_category":0},"_links":{"self":[{"href":"https:\/\/caminosantiago360.com\/en\/wp-json\/wp\/v2\/pages\/18722"}],"collection":[{"href":"https:\/\/caminosantiago360.com\/en\/wp-json\/wp\/v2\/pages"}],"about":[{"href":"https:\/\/caminosantiago360.com\/en\/wp-json\/wp\/v2\/types\/page"}],"author":[{"embeddable":true,"href":"https:\/\/caminosantiago360.com\/en\/wp-json\/wp\/v2\/users\/1"}],"replies":[{"embeddable":true,"href":"https:\/\/caminosantiago360.com\/en\/wp-json\/wp\/v2\/comments?post=18722"}],"version-history":[{"count":1,"href":"https:\/\/caminosantiago360.com\/en\/wp-json\/wp\/v2\/pages\/18722\/revisions"}],"predecessor-version":[{"id":18724,"href":"https:\/\/caminosantiago360.com\/en\/wp-json\/wp\/v2\/pages\/18722\/revisions\/18724"}],"wp:attachment":[{"href":"https:\/\/caminosantiago360.com\/en\/wp-json\/wp\/v2\/media?parent=18722"}],"curies":[{"name":"wp","href":"https:\/\/api.w.org\/{rel}","templated":true}]}}